{"id":5196,"date":"2026-01-13T19:36:33","date_gmt":"2026-01-13T19:36:33","guid":{"rendered":"https:\/\/www.xarxateatre.com\/babel2\/"},"modified":"2026-01-28T18:04:38","modified_gmt":"2026-01-28T18:04:38","slug":"babel2","status":"publish","type":"page","link":"https:\/\/www.xarxateatre.com\/ca\/babel2\/","title":{"rendered":"Babel"},"content":{"rendered":"<div class=\"wpb-content-wrapper\"><p>[vc_row css_animation=&#8221;&#8221; row_type=&#8221;row&#8221; use_row_as_full_screen_section=&#8221;yes&#8221; type=&#8221;full_width&#8221; angled_section=&#8221;no&#8221; text_align=&#8221;left&#8221; background_image_as_pattern=&#8221;without_pattern&#8221; z_index=&#8221;&#8221; el_id=&#8221;obracap&#8221; css=&#8221;.vc_custom_1766878582235{background-image: url(https:\/\/www.xarxateatre.com\/wp-content\/uploads\/2025\/12\/A_Xarxa_13_escenario_web.jpg?id=4959) !important;}&#8221;][vc_column][vc_empty_space height=&#8221;400px&#8221;][\/vc_column][\/vc_row][vc_row css_animation=&#8221;&#8221; row_type=&#8221;row&#8221; use_row_as_full_screen_section=&#8221;yes&#8221; type=&#8221;full_width&#8221; angled_section=&#8221;no&#8221; text_align=&#8221;left&#8221; background_image_as_pattern=&#8221;without_pattern&#8221; z_index=&#8221;&#8221; padding_top=&#8221;80&#8243; padding_bottom=&#8221;0&#8243; el_class=&#8221;contenidorgruptitol&#8221;][vc_column][vc_column_text el_class=&#8221;obratitol&#8221;]<\/p>\n<h1><span lang=\"es\">Babel <\/span><\/h1>\n<p>[\/vc_column_text][vc_separator type=&#8221;normal&#8221; color=&#8221;#8bbc20&#8243;][vc_column_text el_class=&#8221;obrasubtitol&#8221; css=&#8221;.vc_custom_1767404585381{margin-top: -10px !important;}&#8221;]<\/p>\n<h3><span lang=\"es\">Un cant a la naturalesa<\/span><\/h3>\n<p>[\/vc_column_text][\/vc_column][\/vc_row][vc_row css_animation=&#8221;&#8221; row_type=&#8221;row&#8221; use_row_as_full_screen_section=&#8221;no&#8221; type=&#8221;full_width&#8221; angled_section=&#8221;no&#8221; text_align=&#8221;left&#8221; background_image_as_pattern=&#8221;without_pattern&#8221; z_index=&#8221;&#8221; padding_top=&#8221;20&#8243; padding_bottom=&#8221;0&#8243; el_class=&#8221;obresdiagonegra&#8221;][vc_column][vc_single_image image=&#8221;1816&#8243; img_size=&#8221;71&#215;71&#8243; qode_css_animation=&#8221;&#8221;][\/vc_column][\/vc_row][vc_row css_animation=&#8221;&#8221; row_type=&#8221;row&#8221; use_row_as_full_screen_section=&#8221;no&#8221; type=&#8221;full_width&#8221; angled_section=&#8221;no&#8221; text_align=&#8221;left&#8221; background_image_as_pattern=&#8221;without_pattern&#8221; z_index=&#8221;&#8221; padding_top=&#8221;0&#8243; padding_bottom=&#8221;30&#8243; css=&#8221;.vc_custom_1650623693664{margin-top: -15px !important;}&#8221; el_class=&#8221;obrestextes&#8221;][vc_column width=&#8221;2\/3&#8243;][vc_column_text el_class=&#8221;obratextnegre&#8221;]<\/p>\n<p style=\"font-weight: 400;\">Babel de Xarxa Teatre \u00e9s un espectacle multidisciplinari de gran format on a trav\u00e9s de llenguatges universals oferim la nostra particular visi\u00f3 sobre l&#8217;origen i l&#8217;evoluci\u00f3 de la humanitat d&#8217;una manera po\u00e8tica pl\u00e0stica i espiritual.<\/p>\n<p style=\"font-weight: 400;\">Tea, la deessa creadora de l&#8217;espai concep cinc personatges que decideixen crear una comunitat basada en el respecte i l&#8217;equilibri adaptant les necessitats al medi que els envolta en el qual estaran acompanyades en tot moment per Cronos, el d\u00e9u del temps, que t\u00e9 una influ\u00e8ncia directa en el desenvolupament de cadascuna de les situacions. Per\u00f2 les baixes passions, la set de poder i l&#8217;egoisme irrompen per posar-ho tot en risc. <\/p>\n<p>[\/vc_column_text][\/vc_column][vc_column width=&#8221;1\/3&#8243;][\/vc_column][\/vc_row][vc_row css_animation=&#8221;&#8221; row_type=&#8221;row&#8221; use_row_as_full_screen_section=&#8221;yes&#8221; type=&#8221;full_width&#8221; angled_section=&#8221;no&#8221; text_align=&#8221;center&#8221; background_image_as_pattern=&#8221;without_pattern&#8221; z_index=&#8221;&#8221; css=&#8221;.vc_custom_1766879378426{margin-top: 0px !important;margin-right: 0px !important;margin-bottom: 0px !important;margin-left: 0px !important;border-top-width: 0px !important;border-right-width: 0px !important;border-bottom-width: 0px !important;border-left-width: 0px !important;padding-top: 0px !important;padding-right: 0px !important;padding-bottom: 0px !important;padding-left: 0px !important;}&#8221; side_padding=&#8221;0&#8243; background_image=&#8221;4969&#8243;][vc_column css=&#8221;.vc_custom_1648597564371{margin-right: 0px !important;margin-left: 0px !important;}&#8221;][vc_empty_space height=&#8221;500px&#8221;][\/vc_column][\/vc_row][vc_row css_animation=&#8221;&#8221; row_type=&#8221;row&#8221; use_row_as_full_screen_section=&#8221;no&#8221; type=&#8221;full_width&#8221; angled_section=&#8221;no&#8221; text_align=&#8221;left&#8221; background_image_as_pattern=&#8221;without_pattern&#8221; z_index=&#8221;&#8221; padding_top=&#8221;30&#8243; padding_bottom=&#8221;60&#8243; css=&#8221;.vc_custom_1650623839820{margin-top: -15px !important;}&#8221; el_class=&#8221;obrestextes&#8221;][vc_column width=&#8221;2\/3&#8243;][vc_column_text el_class=&#8221;obratextnegre&#8221;]Babel de Xarxa Teatre \u00e9s un cant a la sostenibilitat que ens mostra la import\u00e0ncia de conviure amb amor i harmonia amb el nostre h\u00e0bitat. Perqu\u00e8 nom\u00e9s salvant el nostre medi, podrem salvar-nos a nosaltres mateixos.[\/vc_column_text][\/vc_column][vc_column width=&#8221;1\/3&#8243;][\/vc_column][\/vc_row][vc_row css_animation=&#8221;&#8221; row_type=&#8221;row&#8221; use_row_as_full_screen_section=&#8221;yes&#8221; type=&#8221;full_width&#8221; angled_section=&#8221;no&#8221; text_align=&#8221;center&#8221; background_image_as_pattern=&#8221;without_pattern&#8221; z_index=&#8221;&#8221; css=&#8221;.vc_custom_1667816418846{margin-top: 0px !important;margin-right: 0px !important;margin-bottom: 0px !important;margin-left: 0px !important;border-top-width: 0px !important;border-right-width: 0px !important;border-bottom-width: 0px !important;border-left-width: 0px !important;padding-top: 0px !important;padding-right: 0px !important;padding-bottom: 0px !important;padding-left: 0px !important;}&#8221; el_class=&#8221;fila_videogaleria&#8221;][vc_column el_class=&#8221;videosobresgaleria&#8221; offset=&#8221;vc_col-lg-offset-0 vc_col-md-offset-0 vc_col-sm-offset-0&#8243;][qode_elements_holder number_of_columns=&#8221;one_column&#8221; custom_class=&#8221;galeriaholdervideo1&#8243;][qode_elements_holder_item advanced_animations=&#8221;no&#8221; custom_class=&#8221;galeriaholdervideo2&#8243;][vc_video link=&#8221;https:\/\/www.youtube.com\/watch?v=icsBscB-cws&#8221; align=&#8221;center&#8221; el_class=&#8221;videoespectacle&#8221;][\/qode_elements_holder_item][\/qode_elements_holder][\/vc_column][\/vc_row][vc_row css_animation=&#8221;&#8221; row_type=&#8221;row&#8221; use_row_as_full_screen_section=&#8221;yes&#8221; type=&#8221;full_width&#8221; angled_section=&#8221;no&#8221; text_align=&#8221;center&#8221; background_image_as_pattern=&#8221;without_pattern&#8221; z_index=&#8221;&#8221; css=&#8221;.vc_custom_1650534475219{margin-top: 0px !important;margin-right: 0px !important;margin-bottom: 0px !important;margin-left: 0px !important;border-top-width: 0px !important;border-right-width: 0px !important;border-bottom-width: 0px !important;border-left-width: 0px !important;padding-top: 0px !important;padding-right: 0px !important;padding-bottom: 0px !important;padding-left: 0px !important;}&#8221; el_class=&#8221;fila_galeria&#8221;][vc_column el_class=&#8221;obresgaleria&#8221; offset=&#8221;vc_col-lg-offset-0 vc_col-md-offset-0 vc_col-sm-offset-0&#8243;][qode_elements_holder number_of_columns=&#8221;one_column&#8221; custom_class=&#8221;galeriaholder1&#8243;][qode_elements_holder_item advanced_animations=&#8221;no&#8221; custom_class=&#8221;galeriaholder2&#8243;][vc_gallery type=&#8221;image_grid&#8221; images=&#8221;4970,5071,5067,5063,5059,5055,5051,5047,5043,5039,5035,5031,5027,5023,5019,5015,5007,5003,4999,4995,4991,4987,4983,4979&#8243; img_size=&#8221;130&#215;130&#8243; column_number=&#8221;0&#8243; grayscale=&#8221;no&#8221; images_space=&#8221;gallery_without_space&#8221; el_class=&#8221;galeriaimatges&#8221;][\/qode_elements_holder_item][\/qode_elements_holder][\/vc_column][\/vc_row][vc_row css_animation=&#8221;&#8221; row_type=&#8221;row&#8221; use_row_as_full_screen_section=&#8221;yes&#8221; type=&#8221;full_width&#8221; angled_section=&#8221;no&#8221; text_align=&#8221;left&#8221; background_image_as_pattern=&#8221;without_pattern&#8221; z_index=&#8221;&#8221; padding_top=&#8221;80&#8243; padding_bottom=&#8221;100&#8243; el_class=&#8221;obresacordi&#8221;][vc_column][vc_accordion active_tab=&#8221;false&#8221; collapsible=&#8221;yes&#8221; style=&#8221;accordion&#8221; el_class=&#8221;obrescordocult&#8221;][vc_accordion_tab title=&#8221;Ficha art\u00edstica&#8221; title_tag=&#8221;h2&#8243; title_color=&#8221;#ffffff&#8221; background_color=&#8221;#0a0a0a&#8221;][qode_elements_holder number_of_columns=&#8221;two_columns&#8221;][qode_elements_holder_item vertical_alignment=&#8221;top&#8221; advanced_animations=&#8221;no&#8221;][vc_column_text el_class=&#8221;tiposacordio&#8221;]<\/p>\n<h5>Dramaturgia:<\/h5>\n<p><i>Vicent Mart\u00ed Xar<\/i><\/p>\n<h5>Dise\u00f1o y confecci\u00f3n de vestuario:<\/h5>\n<p>Maribel Peydr\u00f3<\/p>\n<p>Maribel Monle\u00f3n<\/p>\n<p>Xarxa Teatre<\/p>\n<h5>Dise\u00f1o escenografia y m\u00e1scaras:<\/h5>\n<p>Amat Bell\u00e9s<\/p>\n<p>Carles Abad<\/p>\n<p>Marcelo D\u00edaz<\/p>\n<p>Pasqual Arrufat<\/p>\n<h5>Construcci\u00f3n escenograf\u00eda:<\/h5>\n<p>Pasqual Arrufat<\/p>\n<p>Joan ninot<\/p>\n<p>Marcelo D\u00edaz<\/p>\n<p>Jos\u00e9 Ferrer<\/p>\n<h5>Iluminador:<\/h5>\n<p>Christophe Le Bideau[\/vc_column_text][\/qode_elements_holder_item][qode_elements_holder_item vertical_alignment=&#8221;top&#8221; advanced_animations=&#8221;no&#8221;][vc_column_text el_class=&#8221;tiposacordio&#8221;]<\/p>\n<h5>M\u00fasica:<\/h5>\n<p>\u00c1ngel Llu\u00eds Ferrando<\/p>\n<h5>RRPP:<\/h5>\n<p>Sixte Barber\u00e0<\/p>\n<h5>Administraci\u00f3n:<\/h5>\n<p>Josep Garc\u00eda<\/p>\n<h5>Management:<\/h5>\n<p>Laia Vilanova<\/p>\n<h5>Direcci\u00f3n t\u00e9cnica:<\/h5>\n<p>Angel Carrasco \u201cel Nano\u201d<\/p>\n<h5>Ayudante de direcci\u00f3n:<\/h5>\n<p>\u00d2scar Luna<\/p>\n<h5>Direcci\u00f3n:<\/h5>\n<p>Leandre Ll. Escamilla<\/p>\n<p>Manuel V. Vilanova[\/vc_column_text][\/qode_elements_holder_item][\/qode_elements_holder][\/vc_accordion_tab][\/vc_accordion][vc_accordion active_tab=&#8221;false&#8221; collapsible=&#8221;yes&#8221; style=&#8221;accordion&#8221; el_class=&#8221;obrescordocult&#8221;][vc_accordion_tab title=&#8221;Dossier&#8221; title_tag=&#8221;h2&#8243; title_color=&#8221;#ffffff&#8221; background_color=&#8221;#0a0a0a&#8221;][vc_single_image image=&#8221;1876&#8243; img_size=&#8221;100&#215;100&#8243; qode_css_animation=&#8221;&#8221;][\/vc_accordion_tab][\/vc_accordion][\/vc_column][\/vc_row][vc_row css_animation=&#8221;&#8221; row_type=&#8221;row&#8221; use_row_as_full_screen_section=&#8221;no&#8221; type=&#8221;full_width&#8221; angled_section=&#8221;no&#8221; text_align=&#8221;left&#8221; background_image_as_pattern=&#8221;without_pattern&#8221; css=&#8221;.vc_custom_1668192968046{background-color: #0a0a0a !important;}&#8221; z_index=&#8221;&#8221; el_class=&#8221;footermeu&#8221;][vc_column width=&#8221;1\/2&#8243;][vc_single_image image=&#8221;2017&#8243; img_size=&#8221;250&#215;47&#8243; qode_css_animation=&#8221;&#8221; el_class=&#8221;logofooterxarxa&#8221;][vc_column_text el_class=&#8221;text_contacte&#8221;]<a href=\"mailto:management@xarxateatre.com\" target=\"_blank\" rel=\"noopener\">management@xarxateatre.com<\/a><br \/>\n <a href=\"tel:964527995\" target=\"_blank\" rel=\"noopener\">T. 964 527 995<\/a><br \/>\n Borriol, 84<br \/>\n 12540 Vila-real[\/vc_column_text][\/vc_column][vc_column width=&#8221;1\/2&#8243;][vc_single_image image=&#8221;4056&#8243; img_size=&#8221;full&#8221; qode_css_animation=&#8221;&#8221; el_class=&#8221;logoscolab&#8221;][\/vc_column][\/vc_row][vc_row css_animation=&#8221;&#8221; row_type=&#8221;row&#8221; use_row_as_full_screen_section=&#8221;no&#8221; type=&#8221;full_width&#8221; angled_section=&#8221;no&#8221; text_align=&#8221;left&#8221; background_image_as_pattern=&#8221;without_pattern&#8221; css=&#8221;.vc_custom_1668139636266{background-color: #0a0a0a !important;}&#8221; z_index=&#8221;&#8221;][vc_column][vc_column_text el_class=&#8221;texteslegals&#8221;]<\/p>\n<p><a href=\"https:\/\/www.xarxateatre.com\/ca\/avis-legal\/\">AV\u00cdS LEGAL<\/a> | <a href=\"https:\/\/www.xarxateatre.com\/ca\/politica-de-privacitat\/\">POL\u00cdTICA DE PRIVACITAT<\/a> | <a href=\"https:\/\/www.xarxateatre.com\/ca\/politica-de-cookies\/\">POL\u00cdTICA DE COOKIES<\/a> | <a href=\"\/?page_id=1533\">TRANSPAR\u00c8NCIA<\/a><\/p>\n<p>[\/vc_column_text][\/vc_column][\/vc_row][vc_row css_animation=&#8221;&#8221; row_type=&#8221;row&#8221; use_row_as_full_screen_section=&#8221;no&#8221; type=&#8221;full_width&#8221; angled_section=&#8221;no&#8221; text_align=&#8221;left&#8221; background_image_as_pattern=&#8221;without_pattern&#8221; css=&#8221;.vc_custom_1648975436693{background-color: #0a0a0a !important;}&#8221; z_index=&#8221;&#8221;][vc_column][vc_column_text el_class=&#8221;copyxarxa&#8221;]\u00a9 XARXA TEATRE 2022[\/vc_column_text][\/vc_column][\/vc_row]<\/p>\n<\/div>","protected":false},"excerpt":{"rendered":"<p>[vc_row css_animation=&#8221;&#8221; row_type=&#8221;row&#8221; use_row_as_full_screen_section=&#8221;yes&#8221; type=&#8221;full_width&#8221; angled_section=&#8221;no&#8221; text_align=&#8221;left&#8221; background_image_as_pattern=&#8221;without_pattern&#8221; z_index=&#8221;&#8221; el_id=&#8221;obracap&#8221; css=&#8221;.vc_custom_1766878582235{background-image: url(https:\/\/www.xarxateatre.com\/wp-content\/uploads\/2025\/12\/A_Xarxa_13_escenario_web.jpg?id=4959) !important;}&#8221;][vc_column][vc_empty_space height=&#8221;400px&#8221;][\/vc_column][\/vc_row][vc_row css_animation=&#8221;&#8221; row_type=&#8221;row&#8221; use_row_as_full_screen_section=&#8221;yes&#8221; type=&#8221;full_width&#8221; angled_section=&#8221;no&#8221; text_align=&#8221;left&#8221; background_image_as_pattern=&#8221;without_pattern&#8221; z_index=&#8221;&#8221; padding_top=&#8221;80&#8243; padding_bottom=&#8221;0&#8243; el_class=&#8221;contenidorgruptitol&#8221;][vc_column][vc_column_text el_class=&#8221;obratitol&#8221;] Babel [\/vc_column_text][vc_separator type=&#8221;normal&#8221; color=&#8221;#8bbc20&#8243;][vc_column_text el_class=&#8221;obrasubtitol&#8221; css=&#8221;.vc_custom_1767404585381{margin-top: -10px !important;}&#8221;] Un cant a la naturalesa [\/vc_column_text][\/vc_column][\/vc_row][vc_row css_animation=&#8221;&#8221; row_type=&#8221;row&#8221; use_row_as_full_screen_section=&#8221;no&#8221; type=&#8221;full_width&#8221; angled_section=&#8221;no&#8221;&#8230;<\/p>\n","protected":false},"author":1,"featured_media":0,"parent":0,"menu_order":0,"comment_status":"closed","ping_status":"closed","template":"","meta":{"footnotes":""},"class_list":["post-5196","page","type-page","status-publish","hentry"],"_links":{"self":[{"href":"https:\/\/www.xarxateatre.com\/ca\/wp-json\/wp\/v2\/pages\/5196","targetHints":{"allow":["GET"]}}],"collection":[{"href":"https:\/\/www.xarxateatre.com\/ca\/wp-json\/wp\/v2\/pages"}],"about":[{"href":"https:\/\/www.xarxateatre.com\/ca\/wp-json\/wp\/v2\/types\/page"}],"author":[{"embeddable":true,"href":"https:\/\/www.xarxateatre.com\/ca\/wp-json\/wp\/v2\/users\/1"}],"replies":[{"embeddable":true,"href":"https:\/\/www.xarxateatre.com\/ca\/wp-json\/wp\/v2\/comments?post=5196"}],"version-history":[{"count":14,"href":"https:\/\/www.xarxateatre.com\/ca\/wp-json\/wp\/v2\/pages\/5196\/revisions"}],"predecessor-version":[{"id":5383,"href":"https:\/\/www.xarxateatre.com\/ca\/wp-json\/wp\/v2\/pages\/5196\/revisions\/5383"}],"wp:attachment":[{"href":"https:\/\/www.xarxateatre.com\/ca\/wp-json\/wp\/v2\/media?parent=5196"}],"curies":[{"name":"wp","href":"https:\/\/api.w.org\/{rel}","templated":true}]}}