{"id":2626,"date":"2022-11-07T10:37:21","date_gmt":"2022-11-07T10:37:21","guid":{"rendered":"https:\/\/www.xarxateatre.com\/veles-e-vents\/"},"modified":"2024-11-20T13:24:05","modified_gmt":"2024-11-20T13:24:05","slug":"veles-e-vents","status":"publish","type":"page","link":"https:\/\/www.xarxateatre.com\/ca\/veles-e-vents\/","title":{"rendered":"Veles e vents"},"content":{"rendered":"<div class=\"wpb-content-wrapper\"><p>[vc_row css_animation=&#8221;&#8221; row_type=&#8221;row&#8221; use_row_as_full_screen_section=&#8221;yes&#8221; type=&#8221;full_width&#8221; angled_section=&#8221;no&#8221; text_align=&#8221;left&#8221; background_image_as_pattern=&#8221;without_pattern&#8221; z_index=&#8221;&#8221; el_id=&#8221;obracap&#8221; css=&#8221;.vc_custom_1667819072845{background-image: url(https:\/\/www.xarxateatre.com\/wp-content\/uploads\/2022\/11\/Veles-e-Vents-Xarxa-FIA-CR-171200.jpg?id=1256) !important;}&#8221;][vc_column][vc_empty_space height=&#8221;400px&#8221;][\/vc_column][\/vc_row][vc_row css_animation=&#8221;&#8221; row_type=&#8221;row&#8221; use_row_as_full_screen_section=&#8221;yes&#8221; type=&#8221;full_width&#8221; angled_section=&#8221;no&#8221; text_align=&#8221;left&#8221; background_image_as_pattern=&#8221;without_pattern&#8221; z_index=&#8221;&#8221; padding_top=&#8221;80&#8243; padding_bottom=&#8221;0&#8243; el_class=&#8221;contenidorgruptitol&#8221;][vc_column][vc_column_text el_class=&#8221;obratitol&#8221;]<\/p>\n<h1>Veles e vents<\/h1>\n<p>[\/vc_column_text][vc_separator type=&#8221;normal&#8221; color=&#8221;#8bbc20&#8243;][vc_column_text el_class=&#8221;obrasubtitol&#8221; css=&#8221;.vc_custom_1667934877282{margin-top: -10px !important;}&#8221;]<\/p>\n<h3>Una oda ecol\u00f2gica al mar<\/h3>\n<p>[\/vc_column_text][\/vc_column][\/vc_row][vc_row css_animation=&#8221;&#8221; row_type=&#8221;row&#8221; use_row_as_full_screen_section=&#8221;no&#8221; type=&#8221;full_width&#8221; angled_section=&#8221;no&#8221; text_align=&#8221;left&#8221; background_image_as_pattern=&#8221;without_pattern&#8221; z_index=&#8221;&#8221; padding_top=&#8221;20&#8243; padding_bottom=&#8221;0&#8243; el_class=&#8221;obresdiagonegra&#8221;][vc_column][vc_single_image image=&#8221;1816&#8243; img_size=&#8221;71&#215;71&#8243; qode_css_animation=&#8221;&#8221;][\/vc_column][\/vc_row][vc_row css_animation=&#8221;&#8221; row_type=&#8221;row&#8221; use_row_as_full_screen_section=&#8221;no&#8221; type=&#8221;full_width&#8221; angled_section=&#8221;no&#8221; text_align=&#8221;left&#8221; background_image_as_pattern=&#8221;without_pattern&#8221; z_index=&#8221;&#8221; padding_top=&#8221;0&#8243; padding_bottom=&#8221;30&#8243; css=&#8221;.vc_custom_1650623693664{margin-top: -15px !important;}&#8221; el_class=&#8221;obrestextes&#8221;][vc_column width=&#8221;2\/3&#8243;][vc_column_text el_class=&#8221;obratextnegre&#8221;]Creat el 1994 per inaugurar el t\u00fanel del Canal de la Manxa, <strong>Xarxa Teatre<\/strong> parteix de l&#8217;obra del poeta valenci\u00e0 Ausi\u00e0s March per posar davant dels ulls de l&#8217;espectador un mar id\u00edl\u00b7lic per\u00f2 tamb\u00e9 apocal\u00edptic; un mar que \u00e9s font de vida i espai connector de cultures per\u00f2 tamb\u00e9 un mar en plena destrucci\u00f3, convertit en cementiri nuclear i permanentment en flames per les cat\u00e0strofes petrolieres. El missatge mediambiental est\u00e0 hui dia m\u00e9s present que mai, com tamb\u00e9 la proposta esc\u00e8nica. L&#8217;\u00fas de la pirot\u00e8cnia i dels elements m\u00f2bils acompanya la travessia d&#8217;un vaixell que, en q\u00fcesti\u00f3 de segons, es transforma d&#8217;un id\u00edl\u00b7lic veler a un petrolier.[\/vc_column_text][\/vc_column][vc_column width=&#8221;1\/3&#8243;][\/vc_column][\/vc_row][vc_row css_animation=&#8221;&#8221; row_type=&#8221;row&#8221; use_row_as_full_screen_section=&#8221;yes&#8221; type=&#8221;full_width&#8221; angled_section=&#8221;no&#8221; text_align=&#8221;center&#8221; background_image_as_pattern=&#8221;without_pattern&#8221; z_index=&#8221;&#8221; css=&#8221;.vc_custom_1667818829651{margin-top: 0px !important;margin-right: 0px !important;margin-bottom: 0px !important;margin-left: 0px !important;border-top-width: 0px !important;border-right-width: 0px !important;border-bottom-width: 0px !important;border-left-width: 0px !important;padding-top: 0px !important;padding-right: 0px !important;padding-bottom: 0px !important;padding-left: 0px !important;}&#8221; side_padding=&#8221;0&#8243; background_image=&#8221;1254&#8243;][vc_column css=&#8221;.vc_custom_1648597564371{margin-right: 0px !important;margin-left: 0px !important;}&#8221;][vc_empty_space height=&#8221;500px&#8221;][\/vc_column][\/vc_row][vc_row css_animation=&#8221;&#8221; row_type=&#8221;row&#8221; use_row_as_full_screen_section=&#8221;no&#8221; type=&#8221;full_width&#8221; angled_section=&#8221;no&#8221; text_align=&#8221;left&#8221; background_image_as_pattern=&#8221;without_pattern&#8221; z_index=&#8221;&#8221; padding_top=&#8221;30&#8243; padding_bottom=&#8221;60&#8243; css=&#8221;.vc_custom_1650623839820{margin-top: -15px !important;}&#8221; el_class=&#8221;obrestextes&#8221;][vc_column width=&#8221;2\/3&#8243;][vc_column_text el_class=&#8221;obratextnegre&#8221;]<\/p>\n<h4 data-fontsize=\"13\" data-lineheight=\"19\"><strong>Representat a:<\/strong><\/h4>\n<p>Teatre Nacional de Taichung (Corea del Sur) \/ Perth International Arts Festival (Australia) \/ FIA de San Jos\u00e9 (Costa Rica) \/ Expo del Bicentenario a Guanajuato (M\u00e9xico) \/ Olimpiadas Culturales Londres 2012 a Dorset (Inglaterra) \/ Northfolk &amp; Norwich Festival \/ Inglaterra \/ Festival Internacional de Teatre de Sibiu (Ruman\u00eda) \/ Festival Life en Vilnius (Lituania) \/ Festival La Strada a Graz (Austria) \/ Festival Internacional de Teatre de Copenhaguen (Dinamarca) \/ Cardiff International Festival (Gran Breta\u00f1a) \/ FETA de Gdansk (Polonia)\u2026[\/vc_column_text][\/vc_column][vc_column width=&#8221;1\/3&#8243;][\/vc_column][\/vc_row][vc_row css_animation=&#8221;&#8221; row_type=&#8221;row&#8221; use_row_as_full_screen_section=&#8221;yes&#8221; type=&#8221;full_width&#8221; angled_section=&#8221;no&#8221; text_align=&#8221;center&#8221; background_image_as_pattern=&#8221;without_pattern&#8221; z_index=&#8221;&#8221; css=&#8221;.vc_custom_1667816418846{margin-top: 0px !important;margin-right: 0px !important;margin-bottom: 0px !important;margin-left: 0px !important;border-top-width: 0px !important;border-right-width: 0px !important;border-bottom-width: 0px !important;border-left-width: 0px !important;padding-top: 0px !important;padding-right: 0px !important;padding-bottom: 0px !important;padding-left: 0px !important;}&#8221; el_class=&#8221;fila_videogaleria&#8221;][vc_column el_class=&#8221;videosobresgaleria&#8221; offset=&#8221;vc_col-lg-offset-0 vc_col-md-offset-0 vc_col-sm-offset-0&#8243;][qode_elements_holder number_of_columns=&#8221;one_column&#8221; custom_class=&#8221;galeriaholdervideo1&#8243;][qode_elements_holder_item advanced_animations=&#8221;no&#8221; custom_class=&#8221;galeriaholdervideo2&#8243;][vc_video link=&#8221;https:\/\/youtu.be\/5_Lfz3QO9fY&#8221; align=&#8221;center&#8221; el_class=&#8221;videoespectacle&#8221;][\/qode_elements_holder_item][\/qode_elements_holder][\/vc_column][\/vc_row][vc_row css_animation=&#8221;&#8221; row_type=&#8221;row&#8221; use_row_as_full_screen_section=&#8221;yes&#8221; type=&#8221;full_width&#8221; angled_section=&#8221;no&#8221; text_align=&#8221;center&#8221; background_image_as_pattern=&#8221;without_pattern&#8221; z_index=&#8221;&#8221; css=&#8221;.vc_custom_1650534475219{margin-top: 0px !important;margin-right: 0px !important;margin-bottom: 0px !important;margin-left: 0px !important;border-top-width: 0px !important;border-right-width: 0px !important;border-bottom-width: 0px !important;border-left-width: 0px !important;padding-top: 0px !important;padding-right: 0px !important;padding-bottom: 0px !important;padding-left: 0px !important;}&#8221; el_class=&#8221;fila_galeria&#8221;][vc_column el_class=&#8221;obresgaleria&#8221; offset=&#8221;vc_col-lg-offset-0 vc_col-md-offset-0 vc_col-sm-offset-0&#8243;][qode_elements_holder number_of_columns=&#8221;one_column&#8221; custom_class=&#8221;galeriaholder1&#8243;][qode_elements_holder_item advanced_animations=&#8221;no&#8221; custom_class=&#8221;galeriaholder2&#8243;][vc_gallery type=&#8221;image_grid&#8221; images=&#8221;2044,2029,2032,2035,2038,2041,2047,2050,2053,2056,2059,2062,2065&#8243; img_size=&#8221;130&#215;130&#8243; column_number=&#8221;0&#8243; grayscale=&#8221;no&#8221; images_space=&#8221;gallery_without_space&#8221; el_class=&#8221;galeriaimatges&#8221;][\/qode_elements_holder_item][\/qode_elements_holder][\/vc_column][\/vc_row][vc_row css_animation=&#8221;&#8221; row_type=&#8221;row&#8221; use_row_as_full_screen_section=&#8221;yes&#8221; type=&#8221;full_width&#8221; angled_section=&#8221;no&#8221; text_align=&#8221;left&#8221; background_image_as_pattern=&#8221;without_pattern&#8221; z_index=&#8221;&#8221; padding_top=&#8221;80&#8243; padding_bottom=&#8221;100&#8243; el_class=&#8221;obresacordi&#8221;][vc_column][vc_accordion active_tab=&#8221;false&#8221; collapsible=&#8221;yes&#8221; style=&#8221;accordion&#8221; el_class=&#8221;obrescordocult&#8221;][vc_accordion_tab title=&#8221;Ficha art\u00edstica&#8221; title_tag=&#8221;h2&#8243; title_color=&#8221;#ffffff&#8221; background_color=&#8221;#0a0a0a&#8221;][qode_elements_holder number_of_columns=&#8221;two_columns&#8221;][qode_elements_holder_item vertical_alignment=&#8221;top&#8221; advanced_animations=&#8221;no&#8221;][vc_column_text el_class=&#8221;tiposacordio&#8221;]<\/p>\n<h5>Dramaturgia:<\/h5>\n<p><i>Vicent Mart\u00ed Xar<\/i><\/p>\n<h5>Actrices:<\/h5>\n<p>Paula Escamilla<\/p>\n<p>Esther Angl\u00e9s<\/p>\n<p>Diana Bernal<\/p>\n<h5>Actores:<\/h5>\n<p>\u00d2scar Luna<\/p>\n<p>Ferran Navarro<\/p>\n<p>Joe G\u00f3mez<\/p>\n<p>Manuel Ort\u00ed \u201cRabassa\u201d<\/p>\n<p>Alex Ferr\u00fas<\/p>\n<p>Pasqual Arrufat<\/p>\n<h5>Dise\u00f1o y confecci\u00f3n de vestuario:<\/h5>\n<p>Maribel Peydr\u00f3<\/p>\n<p>Maribel Monle\u00f3n<\/p>\n<p>Xarxa Teatre<\/p>\n<h5>Dise\u00f1o escenografia y m\u00e1scaras:<\/h5>\n<p>Amat Bell\u00e9s<\/p>\n<p>Carles Abad<\/p>\n<p>Marcelo D\u00edaz<\/p>\n<p>Pasqua\u2260l Arrufat<\/p>\n<h5>Construcci\u00f3n escenograf\u00eda:<\/h5>\n<p>Pasqual Arrufat<\/p>\n<p>Joan ninot<\/p>\n<p>Marcelo D\u00edaz<\/p>\n<p>Jos\u00e9 Ferrer<span class=\"Apple-converted-space\"> <\/span>[\/vc_column_text][\/qode_elements_holder_item][qode_elements_holder_item vertical_alignment=&#8221;top&#8221; advanced_animations=&#8221;no&#8221;][vc_column_text el_class=&#8221;tiposacordio&#8221;]<\/p>\n<h5>Iluminador:<\/h5>\n<p>Christophe Le Bideau<span class=\"Apple-converted-space\"> <\/span><\/p>\n<h5>Fotografias:<\/h5>\n<p>Josep Gil<span class=\"Apple-converted-space\"> <\/span><\/p>\n<h5>V\u00eddeos:<\/h5>\n<p>Estudi Josep Gil<span class=\"Apple-converted-space\"> <\/span><\/p>\n<h5>Director de imagen (logos, carteles, cat\u00e1logos y web):<\/h5>\n<p>Josep Gil<\/p>\n<h5>M\u00fasica:<\/h5>\n<p>\u00c1ngel Llu\u00eds Ferrando<span class=\"Apple-converted-space\"> <\/span><\/p>\n<h5>RRPP:<span class=\"Apple-converted-space\"> <\/span><\/h5>\n<p>Sixte Barber\u00e0<\/p>\n<h5>Administraci\u00f3n:<\/h5>\n<p>Josep Garc\u00eda<\/p>\n<h5>Management:<\/h5>\n<p>Laia Vilanova<span class=\"Apple-converted-space\"> <\/span><\/p>\n<h5>Direcci\u00f3n t\u00e9cnica:<\/h5>\n<p>Angel Carrasco \u201cel Nano\u201d<\/p>\n<h5>Ayudante de direcci\u00f3n:<\/h5>\n<p>\u00d2scar Luna<span class=\"Apple-converted-space\"> <\/span><\/p>\n<h5>Direcci\u00f3n:<\/h5>\n<p>Leandre Ll. Escamilla<\/p>\n<p>Manuel V. Vilanova[\/vc_column_text][\/qode_elements_holder_item][\/qode_elements_holder][\/vc_accordion_tab][\/vc_accordion][vc_accordion active_tab=&#8221;false&#8221; collapsible=&#8221;yes&#8221; style=&#8221;accordion&#8221; el_class=&#8221;obrescordocult&#8221;][vc_accordion_tab title=&#8221;Dossier&#8221; title_tag=&#8221;h2&#8243; title_color=&#8221;#ffffff&#8221; background_color=&#8221;#0a0a0a&#8221;][vc_single_image image=&#8221;1876&#8243; img_size=&#8221;100&#215;100&#8243; qode_css_animation=&#8221;&#8221;][\/vc_accordion_tab][\/vc_accordion][\/vc_column][\/vc_row][vc_row css_animation=&#8221;&#8221; row_type=&#8221;row&#8221; use_row_as_full_screen_section=&#8221;no&#8221; type=&#8221;full_width&#8221; angled_section=&#8221;no&#8221; text_align=&#8221;left&#8221; background_image_as_pattern=&#8221;without_pattern&#8221; css=&#8221;.vc_custom_1668192968046{background-color: #0a0a0a !important;}&#8221; z_index=&#8221;&#8221; el_class=&#8221;footermeu&#8221;][vc_column width=&#8221;1\/2&#8243;][vc_single_image image=&#8221;2017&#8243; img_size=&#8221;250&#215;47&#8243; qode_css_animation=&#8221;&#8221; el_class=&#8221;logofooterxarxa&#8221;][vc_column_text el_class=&#8221;text_contacte&#8221;]<a href=\"mailto:management@xarxateatre.com\" target=\"_blank\" rel=\"noopener\">management@xarxateatre.com<\/a><br \/>\n <a href=\"tel:964527995\" target=\"_blank\" rel=\"noopener\">T. 964 527 995<\/a><br \/>\n Borriol, 84<br \/>\n 12540 Vila-real[\/vc_column_text][\/vc_column][vc_column width=&#8221;1\/2&#8243;][vc_single_image image=&#8221;4153&#8243; img_size=&#8221;full&#8221; qode_css_animation=&#8221;&#8221; el_class=&#8221;logoscolab&#8221;][\/vc_column][\/vc_row][vc_row css_animation=&#8221;&#8221; row_type=&#8221;row&#8221; use_row_as_full_screen_section=&#8221;no&#8221; type=&#8221;full_width&#8221; angled_section=&#8221;no&#8221; text_align=&#8221;left&#8221; background_image_as_pattern=&#8221;without_pattern&#8221; css=&#8221;.vc_custom_1668139636266{background-color: #0a0a0a !important;}&#8221; z_index=&#8221;&#8221;][vc_column][vc_column_text el_class=&#8221;texteslegals&#8221;]<\/p>\n<p><a href=\"https:\/\/www.xarxateatre.com\/ca\/avis-legal\/\">AV\u00cdS LEGAL<\/a> | <a href=\"https:\/\/www.xarxateatre.com\/ca\/politica-de-privacitat\/\">POL\u00cdTICA DE PRIVACITAT<\/a> | <a href=\"https:\/\/www.xarxateatre.com\/politica-de-cookies\/\">POL\u00cdTICA DE COOKIES<\/a> | <a href=\"https:\/\/www.xarxateatre.com\/ca\/transparencia-2\/\">TRANSPAR\u00c8NCIA<\/a><\/p>\n<p>[\/vc_column_text][\/vc_column][\/vc_row][vc_row css_animation=&#8221;&#8221; row_type=&#8221;row&#8221; use_row_as_full_screen_section=&#8221;no&#8221; type=&#8221;full_width&#8221; angled_section=&#8221;no&#8221; text_align=&#8221;left&#8221; background_image_as_pattern=&#8221;without_pattern&#8221; css=&#8221;.vc_custom_1648975436693{background-color: #0a0a0a !important;}&#8221; z_index=&#8221;&#8221;][vc_column][vc_column_text el_class=&#8221;copyxarxa&#8221;]\u00a9 XARXA TEATRE 2022[\/vc_column_text][\/vc_column][\/vc_row]<\/p>\n<\/div>","protected":false},"excerpt":{"rendered":"<p>[vc_row css_animation=&#8221;&#8221; row_type=&#8221;row&#8221; use_row_as_full_screen_section=&#8221;yes&#8221; type=&#8221;full_width&#8221; angled_section=&#8221;no&#8221; text_align=&#8221;left&#8221; background_image_as_pattern=&#8221;without_pattern&#8221; z_index=&#8221;&#8221; el_id=&#8221;obracap&#8221; css=&#8221;.vc_custom_1667819072845{background-image: url(https:\/\/www.xarxateatre.com\/wp-content\/uploads\/2022\/11\/Veles-e-Vents-Xarxa-FIA-CR-171200.jpg?id=1256) !important;}&#8221;][vc_column][vc_empty_space height=&#8221;400px&#8221;][\/vc_column][\/vc_row][vc_row css_animation=&#8221;&#8221; row_type=&#8221;row&#8221; use_row_as_full_screen_section=&#8221;yes&#8221; type=&#8221;full_width&#8221; angled_section=&#8221;no&#8221; text_align=&#8221;left&#8221; background_image_as_pattern=&#8221;without_pattern&#8221; z_index=&#8221;&#8221; padding_top=&#8221;80&#8243; padding_bottom=&#8221;0&#8243; el_class=&#8221;contenidorgruptitol&#8221;][vc_column][vc_column_text el_class=&#8221;obratitol&#8221;] Veles e vents [\/vc_column_text][vc_separator type=&#8221;normal&#8221; color=&#8221;#8bbc20&#8243;][vc_column_text el_class=&#8221;obrasubtitol&#8221; css=&#8221;.vc_custom_1667934877282{margin-top: -10px !important;}&#8221;] Una oda ecol\u00f2gica al mar [\/vc_column_text][\/vc_column][\/vc_row][vc_row css_animation=&#8221;&#8221; row_type=&#8221;row&#8221; use_row_as_full_screen_section=&#8221;no&#8221;&#8230;<\/p>\n","protected":false},"author":1,"featured_media":0,"parent":0,"menu_order":0,"comment_status":"closed","ping_status":"closed","template":"full_width.php","meta":{"footnotes":""},"class_list":["post-2626","page","type-page","status-publish","hentry"],"_links":{"self":[{"href":"https:\/\/www.xarxateatre.com\/ca\/wp-json\/wp\/v2\/pages\/2626","targetHints":{"allow":["GET"]}}],"collection":[{"href":"https:\/\/www.xarxateatre.com\/ca\/wp-json\/wp\/v2\/pages"}],"about":[{"href":"https:\/\/www.xarxateatre.com\/ca\/wp-json\/wp\/v2\/types\/page"}],"author":[{"embeddable":true,"href":"https:\/\/www.xarxateatre.com\/ca\/wp-json\/wp\/v2\/users\/1"}],"replies":[{"embeddable":true,"href":"https:\/\/www.xarxateatre.com\/ca\/wp-json\/wp\/v2\/comments?post=2626"}],"version-history":[{"count":37,"href":"https:\/\/www.xarxateatre.com\/ca\/wp-json\/wp\/v2\/pages\/2626\/revisions"}],"predecessor-version":[{"id":4872,"href":"https:\/\/www.xarxateatre.com\/ca\/wp-json\/wp\/v2\/pages\/2626\/revisions\/4872"}],"wp:attachment":[{"href":"https:\/\/www.xarxateatre.com\/ca\/wp-json\/wp\/v2\/media?parent=2626"}],"curies":[{"name":"wp","href":"https:\/\/api.w.org\/{rel}","templated":true}]}}